{"id":52,"date":"2022-12-02T16:07:57","date_gmt":"2022-12-02T15:07:57","guid":{"rendered":"https:\/\/consolatorio.esteri.it\/?page_id=52"},"modified":"2022-12-02T16:08:11","modified_gmt":"2022-12-02T15:08:11","slug":"dal_consolato","status":"publish","type":"page","link":"https:\/\/consriodejaneiro.esteri.it\/it\/news\/dal_consolato\/","title":{"rendered":"Dal Consolato"},"content":{"rendered":"        <div class=\"row\">\n\t\t\t<!-- Ricerca sedi post -->\n\t\t\t<div class=\"col-12 mt-4\">\n\t\t\t  <div class=\"callout callout-highlight note ricerca-esteri p-4\">\n                    <div class=\"callout-title\">\n                        <svg class=\"icon\">\n                            <use xlink:href=\"https:\/\/consriodejaneiro.esteri.it\/wp-content\/themes\/sedi-tema\/assets\/svg\/sprites.svg#it-search\"><\/use>\n                        <\/svg>Inserisci i parametri di ricerca                    <\/div>\n                    <form id=\"searchFormPost\" name=\"form-search-post\" class=\"form-row align-items-center\" action=\"https:\/\/consriodejaneiro.esteri.it\/it\/wp-json\/wp\/v2\/pages\/52\/\" method=\"GET\"> \n                        <!-- <div class=\"form-group pt-5\"> -->\n                            <!-- <input type=\"hidden\" id=\"lang\" name=\"lang\" value=\"\"> --> <!-- <\/div> -->\n\n                        <div class=\"it-datepicker-wrapper\">\n                            <div class=\"row\">\n                                <div class=\"form-group col-md-6\">\n                                    <label class=\"active\" for=\"date-init\">Dal<\/label>\n                                    <input class=\"form-control\" name=\"date-init\" id=\"date-init\" type=\"date\" placeholder=\"gg\/mm\/aaaa\" value=\"\"lang=\"en-EN\">  \n                                <\/div>\n                                <div class=\"form-group col-md-6\">\n                                    <label class=\"active\" for=\"date-end\">Al<\/label>\n                                    <input class=\"form-control\" name=\"date-end\" id=\"date-end\" type=\"date\" placeholder=\"gg\/mm\/aaaa\" value=\"\">\n                                <\/div>\n                            <\/div>\n                        <\/div>\n                        <div class=\"form-group col-md-12 mt-3\">\n                            <label for=\"searchText\">Campo ricerca libera<\/label>\n                            <input type=\"text\" name=\"searchText\" class=\"form-control\" id=\"searchText\" value=\"\">\n                        <\/div>\n                        <div class=\"form-group col-md-4 offset-md-8 text-end\">\n                            <a href=\"https:\/\/consriodejaneiro.esteri.it\/it\/news\/dal_consolato\/\" title=\"Form reset\" id=\"resetImput\" class=\"btn btn-outline-primary btn-xs\">Reset<\/a>\n                            <button type=\"submit\" class=\"btn btn-primary btn-xs\">Mostra risultati<\/button>\n                        <\/div>\n                    <\/form>\n\t\t\t\t<\/div>\n\t\t\t<\/div>\n\t\t<\/div>\n                    \n            <div class=\"row\">\n                            <div class=\"col-12 mt-3\">\n                <!--start card-->\n                <div class=\"card-wrapper card-space\">\n                    <div class=\"card card-bg card-big border-bottom-card\">\n                        <div class=\"card-body \">\n                                                        <div class=\"category-top\">\n                                                                                                            <span class=\"\">\n                                        <svg class=\"icon icon-secondary\">\n                                            <use xlink:href=\"https:\/\/consriodejaneiro.esteri.it\/wp-content\/themes\/sedi-tema\/assets\/svg\/sprites.svg#it-calendar\"><\/use>\n                                        <\/svg> 3 Settembre 2026                                    <\/span>\n                                                                    <\/div>\n                            <h5 class=\"card-title big-heading text-uppercase\"><a class=\"text-body text-decoration-none\" href=\"https:\/\/consriodejaneiro.esteri.it\/it\/news\/dal_consolato\/2026\/09\/indizione-delle-elezioni-dei-comites-3-settembre-2026\/\" title=\"INDIZIONE DELLE ELEZIONI DEI COMITES \u2013 3 SETTEMBRE 2026\">INDIZIONE DELLE ELEZIONI DEI COMITES \u2013 3 SETTEMBRE 2026<\/a><\/h5>\n                            <p class=\"card-text\">Con Decreto consolare del Capo dell\u2019Ufficio consolare di Rio de Janeiro sono indette le elezioni per l\u2019istituzione e il rinnovo del Comitato degli Italiani all\u2019estero di Rio de Janeiro. La data delle elezioni \u00e8 fissata al 4 dicembre 2026. Tale data corrisponde all\u2019ultimo giorno utile per far pervenire al proprio Consolato di riferimento la busta [&hellip;]<\/p>\n                                <a title=\"INDIZIONE DELLE ELEZIONI DEI COMITES \u2013 3 SETTEMBRE 2026\" class=\"read-more\" href=\"https:\/\/consriodejaneiro.esteri.it\/it\/news\/dal_consolato\/2026\/09\/indizione-delle-elezioni-dei-comites-3-settembre-2026\/\">\n                                    <span class=\"text\">Leggi di pi\u00f9<\/span>\n                                    <svg class=\"icon\">\n                                    <use xlink:href=\"https:\/\/consriodejaneiro.esteri.it\/wp-content\/themes\/sedi-tema\/assets\/svg\/sprites.svg#it-arrow-right\"><\/use>\n                                    <\/svg>\n                                <\/a>\n                                                    <\/div>\n                    <\/div>\n                <\/div>\n                <!--end card-->\n                <\/div><!-- col-12 .mt-3-->\n                            <div class=\"col-12 mt-3\">\n                <!--start card-->\n                <div class=\"card-wrapper card-space\">\n                    <div class=\"card card-bg card-big border-bottom-card\">\n                        <div class=\"card-body \">\n                                                        <div class=\"category-top\">\n                                                                                                            <span class=\"\">\n                                        <svg class=\"icon icon-secondary\">\n                                            <use xlink:href=\"https:\/\/consriodejaneiro.esteri.it\/wp-content\/themes\/sedi-tema\/assets\/svg\/sprites.svg#it-calendar\"><\/use>\n                                        <\/svg> 2 Settembre 2026                                    <\/span>\n                                                                    <\/div>\n                            <h5 class=\"card-title big-heading text-uppercase\"><a class=\"text-body text-decoration-none\" href=\"https:\/\/consriodejaneiro.esteri.it\/it\/news\/dal_consolato\/2026\/09\/premi-maeci-2026-riconoscimenti-per-leccellenza-scientifica-e-linnovazione-italiana-in-brasile-candidature-aperte-fino-al-20-settembre-2026\/\" title=\"Premi MAECI 2026: Riconoscimenti per l\u2019Eccellenza Scientifica e l\u2019Innovazione Italiana in Brasile. Candidature aperte fino al 20 settembre 2026\">Premi MAECI 2026: Riconoscimenti per l\u2019Eccellenza Scientifica e l\u2019Innovazione Italiana in Brasile. Candidature aperte fino al 20 settembre 2026<\/a><\/h5>\n                            <p class=\"card-text\">Il Ministero degli Affari Esteri e della Cooperazione Internazionale (MAECI) bandisce i seguenti premi internazionali: Il premio \u201cScience, She Says Award\u201d riconosce il lavoro di una giovane scienziata al di sotto dei 40 anni che si \u00e8 particolarmente distinta nel Paese in cui opera. L\u2019invito a presentare candidature \u00e8 rivolto alle principali universit\u00e0 ed enti [&hellip;]<\/p>\n                                <a title=\"Premi MAECI 2026: Riconoscimenti per l\u2019Eccellenza Scientifica e l\u2019Innovazione Italiana in Brasile. Candidature aperte fino al 20 settembre 2026\" class=\"read-more\" href=\"https:\/\/consriodejaneiro.esteri.it\/it\/news\/dal_consolato\/2026\/09\/premi-maeci-2026-riconoscimenti-per-leccellenza-scientifica-e-linnovazione-italiana-in-brasile-candidature-aperte-fino-al-20-settembre-2026\/\">\n                                    <span class=\"text\">Leggi di pi\u00f9<\/span>\n                                    <svg class=\"icon\">\n                                    <use xlink:href=\"https:\/\/consriodejaneiro.esteri.it\/wp-content\/themes\/sedi-tema\/assets\/svg\/sprites.svg#it-arrow-right\"><\/use>\n                                    <\/svg>\n                                <\/a>\n                                                    <\/div>\n                    <\/div>\n                <\/div>\n                <!--end card-->\n                <\/div><!-- col-12 .mt-3-->\n                            <div class=\"col-12 mt-3\">\n                <!--start card-->\n                <div class=\"card-wrapper card-space\">\n                    <div class=\"card card-bg card-big border-bottom-card\">\n                        <div class=\"card-body \">\n                                                        <div class=\"category-top\">\n                                                                                                            <span class=\"\">\n                                        <svg class=\"icon icon-secondary\">\n                                            <use xlink:href=\"https:\/\/consriodejaneiro.esteri.it\/wp-content\/themes\/sedi-tema\/assets\/svg\/sprites.svg#it-calendar\"><\/use>\n                                        <\/svg> 27 Agosto 2026                                    <\/span>\n                                                                    <\/div>\n                            <h5 class=\"card-title big-heading text-uppercase\"><a class=\"text-body text-decoration-none\" href=\"https:\/\/consriodejaneiro.esteri.it\/it\/news\/dal_consolato\/2026\/08\/elezione-dei-comitati-degli-italiani-allestero-comites-2026-modalita-per-la-richiesta-di-iscrizione-nellelenco-elettorale\/\" title=\"ELEZIONE COM.IT.ES 2026 &#8211; Modalit\u00e0 per la richiesta di iscrizione nell\u2019elenco elettorale\">ELEZIONE COM.IT.ES 2026 &#8211; Modalit\u00e0 per la richiesta di iscrizione nell\u2019elenco elettorale<\/a><\/h5>\n                            <p class=\"card-text\">Le elezioni per il rinnovo e l\u2019istituzione dei COMITES si terranno entro la fine del 2026. I Comitati degli italiani all\u2019estero sono organi di rappresentanza della collettivit\u00e0 italiana nei rapporti con le rappresentanze diplomatico-consolari e operano per l\u2019integrazione della comunit\u00e0 italiana residente nel Paese straniero in cui si trovano. A questo importante appuntamento elettorale potranno [&hellip;]<\/p>\n                                <a title=\"ELEZIONE COM.IT.ES 2026 &#8211; Modalit\u00e0 per la richiesta di iscrizione nell\u2019elenco elettorale\" class=\"read-more\" href=\"https:\/\/consriodejaneiro.esteri.it\/it\/news\/dal_consolato\/2026\/08\/elezione-dei-comitati-degli-italiani-allestero-comites-2026-modalita-per-la-richiesta-di-iscrizione-nellelenco-elettorale\/\">\n                                    <span class=\"text\">Leggi di pi\u00f9<\/span>\n                                    <svg class=\"icon\">\n                                    <use xlink:href=\"https:\/\/consriodejaneiro.esteri.it\/wp-content\/themes\/sedi-tema\/assets\/svg\/sprites.svg#it-arrow-right\"><\/use>\n                                    <\/svg>\n                                <\/a>\n                                                    <\/div>\n                    <\/div>\n                <\/div>\n                <!--end card-->\n                <\/div><!-- col-12 .mt-3-->\n                            <div class=\"col-12 mt-3\">\n                <!--start card-->\n                <div class=\"card-wrapper card-space\">\n                    <div class=\"card card-bg card-big border-bottom-card\">\n                        <div class=\"card-body \">\n                                                        <div class=\"category-top\">\n                                                                                                            <span class=\"\">\n                                        <svg class=\"icon icon-secondary\">\n                                            <use xlink:href=\"https:\/\/consriodejaneiro.esteri.it\/wp-content\/themes\/sedi-tema\/assets\/svg\/sprites.svg#it-calendar\"><\/use>\n                                        <\/svg> 18 Agosto 2026                                    <\/span>\n                                                                    <\/div>\n                            <h5 class=\"card-title big-heading text-uppercase\"><a class=\"text-body text-decoration-none\" href=\"https:\/\/consriodejaneiro.esteri.it\/it\/news\/dal_consolato\/2026\/08\/elezioni-com-it-es-2026-predisposizione-e-presentazione-liste-elettorali\/\" title=\"ELEZIONI COM.IT.ES. 2026 \u2013 Predisposizione e presentazione liste elettorali\">ELEZIONI COM.IT.ES. 2026 \u2013 Predisposizione e presentazione liste elettorali<\/a><\/h5>\n                            <p class=\"card-text\">ELEZIONI COM.IT.ES. 2026 \u00a0 \u00a01. Predisposizione e presentazione liste elettorali Nel 2026 avranno luogo le elezioni per il rinnovo dei Comitati degli Italiani all\u2019Estero (Com.It.Es.). Ai sensi dell\u2019art. 14 del DPR 395\/2003, le liste possono essere\u00a0presentate all\u2019Ufficio elettorale\u00a0nelle ore d\u2019ufficio\u00a0dal ventesimo al trentesimo giorno successivo all\u2019indizione (da annunciare nelle prossime settimane). La raccolta delle firme, [&hellip;]<\/p>\n                                <a title=\"ELEZIONI COM.IT.ES. 2026 \u2013 Predisposizione e presentazione liste elettorali\" class=\"read-more\" href=\"https:\/\/consriodejaneiro.esteri.it\/it\/news\/dal_consolato\/2026\/08\/elezioni-com-it-es-2026-predisposizione-e-presentazione-liste-elettorali\/\">\n                                    <span class=\"text\">Leggi di pi\u00f9<\/span>\n                                    <svg class=\"icon\">\n                                    <use xlink:href=\"https:\/\/consriodejaneiro.esteri.it\/wp-content\/themes\/sedi-tema\/assets\/svg\/sprites.svg#it-arrow-right\"><\/use>\n                                    <\/svg>\n                                <\/a>\n                                                    <\/div>\n                    <\/div>\n                <\/div>\n                <!--end card-->\n                <\/div><!-- col-12 .mt-3-->\n                            <div class=\"col-12 mt-3\">\n                <!--start card-->\n                <div class=\"card-wrapper card-space\">\n                    <div class=\"card card-bg card-big border-bottom-card\">\n                        <div class=\"card-body \">\n                                                        <div class=\"category-top\">\n                                                                                                            <span class=\"\">\n                                        <svg class=\"icon icon-secondary\">\n                                            <use xlink:href=\"https:\/\/consriodejaneiro.esteri.it\/wp-content\/themes\/sedi-tema\/assets\/svg\/sprites.svg#it-calendar\"><\/use>\n                                        <\/svg> 27 Luglio 2026                                    <\/span>\n                                                                    <\/div>\n                            <h5 class=\"card-title big-heading text-uppercase\"><a class=\"text-body text-decoration-none\" href=\"https:\/\/consriodejaneiro.esteri.it\/it\/news\/dal_consolato\/2026\/07\/festival-della-cucina-regional-italiana-un-viaggio-tra-i-sapori-delle-regioni-ditalia\/\" title=\"Festival della Cucina Regional Italiana: un viaggio tra i sapori delle regioni d&#8217;Italia\">Festival della Cucina Regional Italiana: un viaggio tra i sapori delle regioni d&#8217;Italia<\/a><\/h5>\n                            <p class=\"card-text\">Il Festival della Cucina Regionale Italiana invita il pubblico a scoprire la straordinaria ricchezza della tradizione gastronomica italiana attraverso un percorso dedicato alle specialit\u00e0 delle diverse regioni del Paese. Dal marted\u00ec al venerd\u00ec, dalle 8.00 alle 16.00, Piazza Italia ospita colazioni e pranzi tematici preparati con ricette tipiche della regione protagonista della settimana, offrendo un&#8217;autentica [&hellip;]<\/p>\n                                <a title=\"Festival della Cucina Regional Italiana: un viaggio tra i sapori delle regioni d&#8217;Italia\" class=\"read-more\" href=\"https:\/\/consriodejaneiro.esteri.it\/it\/news\/dal_consolato\/2026\/07\/festival-della-cucina-regional-italiana-un-viaggio-tra-i-sapori-delle-regioni-ditalia\/\">\n                                    <span class=\"text\">Leggi di pi\u00f9<\/span>\n                                    <svg class=\"icon\">\n                                    <use xlink:href=\"https:\/\/consriodejaneiro.esteri.it\/wp-content\/themes\/sedi-tema\/assets\/svg\/sprites.svg#it-arrow-right\"><\/use>\n                                    <\/svg>\n                                <\/a>\n                                                    <\/div>\n                    <\/div>\n                <\/div>\n                <!--end card-->\n                <\/div><!-- col-12 .mt-3-->\n                            <div class=\"col-12 mt-3\">\n                <!--start card-->\n                <div class=\"card-wrapper card-space\">\n                    <div class=\"card card-bg card-big border-bottom-card\">\n                        <div class=\"card-body \">\n                                                        <div class=\"category-top\">\n                                                                                                            <span class=\"\">\n                                        <svg class=\"icon icon-secondary\">\n                                            <use xlink:href=\"https:\/\/consriodejaneiro.esteri.it\/wp-content\/themes\/sedi-tema\/assets\/svg\/sprites.svg#it-calendar\"><\/use>\n                                        <\/svg> 27 Luglio 2026                                    <\/span>\n                                                                    <\/div>\n                            <h5 class=\"card-title big-heading text-uppercase\"><a class=\"text-body text-decoration-none\" href=\"https:\/\/consriodejaneiro.esteri.it\/it\/news\/dal_consolato\/2026\/07\/seconda-edizione-del-volume-edificio-casa-ditalia-di-rio-de-janeiro-una-biografia\/\" title=\"Seconda edizione del volume &#8220;Edificio Casa d&#8217;Italia di Rio de Janeiro \u2013 Una biografia&#8221;\">Seconda edizione del volume &#8220;Edificio Casa d&#8217;Italia di Rio de Janeiro \u2013 Una biografia&#8221;<\/a><\/h5>\n                            <p class=\"card-text\">In occasione delle celebrazioni per il 90\u00ba anniversario della Casa d&#8217;Italia di Rio de Janeiro, il Consolato Generale d&#8217;Italia presenta la seconda edizione del volume Edificio Casa d&#8217;Italia di Rio de Janeiro \u2013 Una biografia, a cura del professor Aristides Corr\u00eaa Dutra. L&#8217;opera ripercorre oltre novant&#8217;anni di storia della Casa d&#8217;Italia, uno dei principali simboli [&hellip;]<\/p>\n                                <a title=\"Seconda edizione del volume &#8220;Edificio Casa d&#8217;Italia di Rio de Janeiro \u2013 Una biografia&#8221;\" class=\"read-more\" href=\"https:\/\/consriodejaneiro.esteri.it\/it\/news\/dal_consolato\/2026\/07\/seconda-edizione-del-volume-edificio-casa-ditalia-di-rio-de-janeiro-una-biografia\/\">\n                                    <span class=\"text\">Leggi di pi\u00f9<\/span>\n                                    <svg class=\"icon\">\n                                    <use xlink:href=\"https:\/\/consriodejaneiro.esteri.it\/wp-content\/themes\/sedi-tema\/assets\/svg\/sprites.svg#it-arrow-right\"><\/use>\n                                    <\/svg>\n                                <\/a>\n                                                    <\/div>\n                    <\/div>\n                <\/div>\n                <!--end card-->\n                <\/div><!-- col-12 .mt-3-->\n                            <div class=\"col-12 mt-3\">\n                <!--start card-->\n                <div class=\"card-wrapper card-space\">\n                    <div class=\"card card-bg card-big border-bottom-card\">\n                        <div class=\"card-body \">\n                                                        <div class=\"category-top\">\n                                                                                                            <span class=\"\">\n                                        <svg class=\"icon icon-secondary\">\n                                            <use xlink:href=\"https:\/\/consriodejaneiro.esteri.it\/wp-content\/themes\/sedi-tema\/assets\/svg\/sprites.svg#it-calendar\"><\/use>\n                                        <\/svg> 22 Luglio 2026                                    <\/span>\n                                                                    <\/div>\n                            <h5 class=\"card-title big-heading text-uppercase\"><a class=\"text-body text-decoration-none\" href=\"https:\/\/consriodejaneiro.esteri.it\/it\/news\/dal_consolato\/2026\/07\/elezioni-dei-comites-2026\/\" title=\"Elezioni dei COMITES 2026\">Elezioni dei COMITES 2026<\/a><\/h5>\n                            <p class=\"card-text\">Nel 2026 avranno luogo le elezioni per il per il rinnovo dei Comitati degli Italiani all\u2019Estero (Com.It.Es). I Com.It.Es. sono organismi che rappresentano i connazionali all\u2019estero nei rapporti con Ambasciate e Consolati e ne favoriscono l\u2019integrazione. Hanno inoltre il compito di preservare la memoria storica dell\u2019emigrazione italiana e valorizzare il contributo italiano nelle societ\u00e0 in [&hellip;]<\/p>\n                                <a title=\"Elezioni dei COMITES 2026\" class=\"read-more\" href=\"https:\/\/consriodejaneiro.esteri.it\/it\/news\/dal_consolato\/2026\/07\/elezioni-dei-comites-2026\/\">\n                                    <span class=\"text\">Leggi di pi\u00f9<\/span>\n                                    <svg class=\"icon\">\n                                    <use xlink:href=\"https:\/\/consriodejaneiro.esteri.it\/wp-content\/themes\/sedi-tema\/assets\/svg\/sprites.svg#it-arrow-right\"><\/use>\n                                    <\/svg>\n                                <\/a>\n                                                    <\/div>\n                    <\/div>\n                <\/div>\n                <!--end card-->\n                <\/div><!-- col-12 .mt-3-->\n                            <div class=\"col-12 mt-3\">\n                <!--start card-->\n                <div class=\"card-wrapper card-space\">\n                    <div class=\"card card-bg card-big border-bottom-card\">\n                        <div class=\"card-body \">\n                                                        <div class=\"category-top\">\n                                                                                                            <span class=\"\">\n                                        <svg class=\"icon icon-secondary\">\n                                            <use xlink:href=\"https:\/\/consriodejaneiro.esteri.it\/wp-content\/themes\/sedi-tema\/assets\/svg\/sprites.svg#it-calendar\"><\/use>\n                                        <\/svg> 10 Luglio 2026                                    <\/span>\n                                                                    <\/div>\n                            <h5 class=\"card-title big-heading text-uppercase\"><a class=\"text-body text-decoration-none\" href=\"https:\/\/consriodejaneiro.esteri.it\/it\/news\/dal_consolato\/2026\/07\/cessazione-della-validita-della-carta-didentita-cartacea-per-lespatrio-dal-3-agosto\/\" title=\"Cessazione della validit\u00e0 della carta d\u2019identit\u00e0 cartacea per l\u2019espatrio dal 3 agosto\">Cessazione della validit\u00e0 della carta d\u2019identit\u00e0 cartacea per l\u2019espatrio dal 3 agosto<\/a><\/h5>\n                            <p class=\"card-text\">A partire dal 3 agosto 2026 la versione cartacea della carta di identit\u00e0 cesser\u00e0 di essere valida per l\u2019espatrio, indipendentemente dalla data di scadenza riportata sul retro. Il DL 26\/06\/2026 n.108 ha introdotto alcune modifiche importanti: La Carta d\u2019Identit\u00e0 Cartacea non scaduta pu\u00f2 essere utilizzata come strumento identificativo nei rapporti con la Pubblica Amministrazione italiana [&hellip;]<\/p>\n                                <a title=\"Cessazione della validit\u00e0 della carta d\u2019identit\u00e0 cartacea per l\u2019espatrio dal 3 agosto\" class=\"read-more\" href=\"https:\/\/consriodejaneiro.esteri.it\/it\/news\/dal_consolato\/2026\/07\/cessazione-della-validita-della-carta-didentita-cartacea-per-lespatrio-dal-3-agosto\/\">\n                                    <span class=\"text\">Leggi di pi\u00f9<\/span>\n                                    <svg class=\"icon\">\n                                    <use xlink:href=\"https:\/\/consriodejaneiro.esteri.it\/wp-content\/themes\/sedi-tema\/assets\/svg\/sprites.svg#it-arrow-right\"><\/use>\n                                    <\/svg>\n                                <\/a>\n                                                    <\/div>\n                    <\/div>\n                <\/div>\n                <!--end card-->\n                <\/div><!-- col-12 .mt-3-->\n                            <div class=\"col-12 mt-3\">\n                <!--start card-->\n                <div class=\"card-wrapper card-space\">\n                    <div class=\"card card-bg card-big border-bottom-card\">\n                        <div class=\"card-body \">\n                                                        <div class=\"category-top\">\n                                                                                                            <span class=\"\">\n                                        <svg class=\"icon icon-secondary\">\n                                            <use xlink:href=\"https:\/\/consriodejaneiro.esteri.it\/wp-content\/themes\/sedi-tema\/assets\/svg\/sprites.svg#it-calendar\"><\/use>\n                                        <\/svg> 9 Giugno 2026                                    <\/span>\n                                                                    <\/div>\n                            <h5 class=\"card-title big-heading text-uppercase\"><a class=\"text-body text-decoration-none\" href=\"https:\/\/consriodejaneiro.esteri.it\/it\/news\/dal_consolato\/2026\/06\/mostra-pittura-italiana-oggi-una-nuova-scena-al-polo-culturale-italianorio\/\" title=\"Mostra \u2018Pittura Italiana Oggi. Una Nuova Scena\u2019, al Polo Culturale ItaliaNoRio\">Mostra \u2018Pittura Italiana Oggi. Una Nuova Scena\u2019, al Polo Culturale ItaliaNoRio<\/a><\/h5>\n                            <p class=\"card-text\">Le immagini ereditate non restano mai ferme. Ogni generazione le conserva, le forza, le consuma, le riaccende. Le artiste e gli artisti riuniti in Pittura Italiana Oggi. Una Nuova Scena lavorano dentro questa tensione. La tradizione entra in pressione e la pittura diventa spazio di memoria, materia e invenzione. Dal 4 giugno al 26 settembre [&hellip;]<\/p>\n                                <a title=\"Mostra \u2018Pittura Italiana Oggi. Una Nuova Scena\u2019, al Polo Culturale ItaliaNoRio\" class=\"read-more\" href=\"https:\/\/consriodejaneiro.esteri.it\/it\/news\/dal_consolato\/2026\/06\/mostra-pittura-italiana-oggi-una-nuova-scena-al-polo-culturale-italianorio\/\">\n                                    <span class=\"text\">Leggi di pi\u00f9<\/span>\n                                    <svg class=\"icon\">\n                                    <use xlink:href=\"https:\/\/consriodejaneiro.esteri.it\/wp-content\/themes\/sedi-tema\/assets\/svg\/sprites.svg#it-arrow-right\"><\/use>\n                                    <\/svg>\n                                <\/a>\n                                                    <\/div>\n                    <\/div>\n                <\/div>\n                <!--end card-->\n                <\/div><!-- col-12 .mt-3-->\n                            <div class=\"col-12 mt-3\">\n                <!--start card-->\n                <div class=\"card-wrapper card-space\">\n                    <div class=\"card card-bg card-big border-bottom-card\">\n                        <div class=\"card-body \">\n                                                        <div class=\"category-top\">\n                                                                                                            <span class=\"\">\n                                        <svg class=\"icon icon-secondary\">\n                                            <use xlink:href=\"https:\/\/consriodejaneiro.esteri.it\/wp-content\/themes\/sedi-tema\/assets\/svg\/sprites.svg#it-calendar\"><\/use>\n                                        <\/svg> 13 Maggio 2026                                    <\/span>\n                                                                    <\/div>\n                            <h5 class=\"card-title big-heading text-uppercase\"><a class=\"text-body text-decoration-none\" href=\"https:\/\/consriodejaneiro.esteri.it\/it\/news\/dal_consolato\/2026\/05\/avviso-al-pubblico\/\" title=\"AVVISO AL PUBBLICO\">AVVISO AL PUBBLICO<\/a><\/h5>\n                            <p class=\"card-text\">Si comunica che nei giorni 20 e 21 maggio, a causa dell\u2019aggiornamento dei sistemi informatici e del passaggio ad una nuova piattaforma informatica per la gestione della banca dati dei residenti all\u2019estero, questo Consolato Generale sospender\u00e0 parzialmente l\u2019erogazione dei servizi consolari. Non potranno essere ricevute le istanze di rilascio di passaporto, di CIE cos\u00ec come [&hellip;]<\/p>\n                                <a title=\"AVVISO AL PUBBLICO\" class=\"read-more\" href=\"https:\/\/consriodejaneiro.esteri.it\/it\/news\/dal_consolato\/2026\/05\/avviso-al-pubblico\/\">\n                                    <span class=\"text\">Leggi di pi\u00f9<\/span>\n                                    <svg class=\"icon\">\n                                    <use xlink:href=\"https:\/\/consriodejaneiro.esteri.it\/wp-content\/themes\/sedi-tema\/assets\/svg\/sprites.svg#it-arrow-right\"><\/use>\n                                    <\/svg>\n                                <\/a>\n                                                    <\/div>\n                    <\/div>\n                <\/div>\n                <!--end card-->\n                <\/div><!-- col-12 .mt-3-->\n            \n            <div class=\"col-md-12 mt-4 pb-4\">\n                <nav class=\"navigation col-md-12\" aria-label=\"Navigation\">\n                    <h2 class=\"screen-reader-text visually-hidden\">Paginazione<\/h2>\n                    <div class=\"nav-links\">\n                    <span aria-current=\"page\" class=\"page-numbers current\">1<\/span>\n<a class=\"page-numbers\" href=\"https:\/\/consriodejaneiro.esteri.it\/it\/wp-json\/wp\/v2\/pages\/52\/?pag=2\">2<\/a>\n<a class=\"page-numbers\" href=\"https:\/\/consriodejaneiro.esteri.it\/it\/wp-json\/wp\/v2\/pages\/52\/?pag=3\">3<\/a>\n<span class=\"page-numbers dots\">&hellip;<\/span>\n<a class=\"page-numbers\" href=\"https:\/\/consriodejaneiro.esteri.it\/it\/wp-json\/wp\/v2\/pages\/52\/?pag=30\">30<\/a>\n<a class=\"next page-numbers\" href=\"https:\/\/consriodejaneiro.esteri.it\/it\/wp-json\/wp\/v2\/pages\/52\/?pag=2\"><svg class=\"icon icon-primary\"><use xlink:href=\"https:\/\/consriodejaneiro.esteri.it\/wp-content\/themes\/sedi-tema\/assets\/svg\/sprites.svg#it-chevron-right\"><\/use><\/svg>\n                                    <span class=\"visually-hidden\">Pagina successiva<\/span><\/a>                    <\/div>\n                <\/nav>\n            <\/div>   <!--.col-md-12 -->\n              <\/div><!--.row -->\n              \n","protected":false},"excerpt":{"rendered":"","protected":false},"author":3,"featured_media":0,"parent":18,"menu_order":0,"comment_status":"closed","ping_status":"closed","template":"","meta":{"footnotes":""},"class_list":["post-52","page","type-page","status-publish","hentry"],"_links":{"self":[{"href":"https:\/\/consriodejaneiro.esteri.it\/it\/wp-json\/wp\/v2\/pages\/52","targetHints":{"allow":["GET"]}}],"collection":[{"href":"https:\/\/consriodejaneiro.esteri.it\/it\/wp-json\/wp\/v2\/pages"}],"about":[{"href":"https:\/\/consriodejaneiro.esteri.it\/it\/wp-json\/wp\/v2\/types\/page"}],"author":[{"embeddable":true,"href":"https:\/\/consriodejaneiro.esteri.it\/it\/wp-json\/wp\/v2\/users\/3"}],"replies":[{"embeddable":true,"href":"https:\/\/consriodejaneiro.esteri.it\/it\/wp-json\/wp\/v2\/comments?post=52"}],"version-history":[{"count":2,"href":"https:\/\/consriodejaneiro.esteri.it\/it\/wp-json\/wp\/v2\/pages\/52\/revisions"}],"predecessor-version":[{"id":54,"href":"https:\/\/consriodejaneiro.esteri.it\/it\/wp-json\/wp\/v2\/pages\/52\/revisions\/54"}],"up":[{"embeddable":true,"href":"https:\/\/consriodejaneiro.esteri.it\/it\/wp-json\/wp\/v2\/pages\/18"}],"wp:attachment":[{"href":"https:\/\/consriodejaneiro.esteri.it\/it\/wp-json\/wp\/v2\/media?parent=52"}],"curies":[{"name":"wp","href":"https:\/\/api.w.org\/{rel}","templated":true}]}}